{"id":286,"date":"2016-10-31T13:17:59","date_gmt":"2016-10-31T16:17:59","guid":{"rendered":"https:\/\/ensvillaelisa-ers.infd.edu.ar\/sitio\/?page_id=286"},"modified":"2026-08-27T12:15:28","modified_gmt":"2026-08-27T15:15:28","slug":"inicio","status":"publish","type":"page","link":"https:\/\/ensvillaelisa-ers.infd.edu.ar\/sitio\/","title":{"rendered":"Inicio"},"content":{"rendered":"<p><strong>NOTICIAS:<br \/><em>Exhibici\u00f3n de Concusos de Nivel Superior<\/em><br \/><\/strong><\/p>\n<p><a href=\"https:\/\/drive.google.com\/file\/d\/1u2ON1lPArm1h8MbIOSKKfoOFenx_GEK4\/view?usp=sharing\">Exhibic\u00f3n de Ordenes de Prelaci\u00f3n 11\/05\/2026<\/a><\/p>\n<p><a href=\"https:\/\/drive.google.com\/file\/d\/1zQolkjfpTuclRDnB82Rq3rxPMvb7gWUk\/view?usp=sharing\">Exhibic\u00f3n de Ordenes de Prelaci\u00f3n 04\/05\/2026<\/a><strong><br \/><\/strong><br \/><a href=\"https:\/\/drive.google.com\/file\/d\/1X-hXwJahpooO1Yb8AM4aL3tSgz-GSUZY\/view?usp=sharing\">Exhibic\u00f3n de Ordenes de Prelaci\u00f3n 20\/04\/2026<\/a><strong><br \/><\/strong><br \/><a href=\"https:\/\/drive.google.com\/file\/d\/1-sbuTi14UxD4DPb-iFxBPTF6ZbukKgLp\/view?usp=sharing\">Exhibici\u00f3n de Ordenes de Prelaci\u00f3n 13\/04\/2026<\/a><\/p>\n<p><a href=\"https:\/\/drive.google.com\/file\/d\/1zpLxbBOaKhKwpqoqBaIztPiLUFmC7wv3\/view?usp=sharing\" target=\"_blank\" rel=\"noopener\">Exhibici\u00f3n de Ordenes de Prelaci\u00f3n 06\/04\/2026<\/a><\/p>\n<p><a href=\"https:\/\/drive.google.com\/file\/d\/113QCA-Jvh_m9YcwSP2Ei6v9sSTwjrfS4\/view?usp=sharing\" target=\"_blank\" rel=\"noopener\">Exhibici\u00f3n de Ordenes de Prelaci\u00f3n 30\/03\/2026<\/a><\/p>\n<p><a href=\"https:\/\/drive.google.com\/file\/d\/1T974ADpj8RXkbP9jDNNOWWprohhEIDRR\/view?usp=sharing\" target=\"_blank\" rel=\"noopener\">Exhibici\u00f3n de Ordenes de Prelaci\u00f3n 16\/03\/2026<\/a><\/p>\n<p><a href=\"https:\/\/drive.google.com\/file\/d\/1FIjDQL2uBq4PmVMKdcr1m4oxepLWL-co\/view?usp=sharing\" target=\"_blank\" rel=\"noopener\">Exhibici\u00f3n de Ordenes de Prelaci\u00f3n 12\/03\/2026<\/a><\/p>\n<p><a href=\"https:\/\/drive.google.com\/file\/d\/1FNN18eRRy3D4eOVk7VB3lSCNO5hfysfX\/view?usp=sharing\" target=\"_blank\" rel=\"noopener\">Exhibici\u00f3n de Ornedenes de prelaci\u00f3n 01\/03\/2026<\/a><\/p>\n<h1 style=\"text-align: center;\">Preinscripci\u00f3n a carreras de Nivel Superior 2027<\/h1>\n<p>La Escuela Normal Superior \u201cDr. Luis C\u00e9sar Ingold\u201d de Villa Elisa invita a todos los interesados en realizar una carrera de Nivel Superior a completar este formulario de preinscripci\u00f3n.<\/p>\n<p>La informaci\u00f3n solicitada tendr\u00e1 <strong>car\u00e1cter exclusivamente institucional<\/strong> y ser\u00e1 utilizada para recopilar datos sobre el inter\u00e9s y la demanda de las posibles propuestas de formaci\u00f3n.<\/p>\n<p><strong>Importante:<\/strong> esta preinscripci\u00f3n <strong>no constituye una inscripci\u00f3n definitiva ni garantiza el inicio de las carreras<\/strong>. Las propuestas se encuentran sujetas a la aprobaci\u00f3n del <strong>Consejo General de Educaci\u00f3n (CGE)<\/strong>.<\/p>\n<p>Una vez que las carreras sean aprobadas, la instituci\u00f3n se comunicar\u00e1 con las personas que hayan manifestado su inter\u00e9s para brindarles informaci\u00f3n y acompa\u00f1arlas en el proceso de <strong>inscripci\u00f3n formal<\/strong>.<\/p>\n<hr \/>\n<h4 style=\"text-align: center;\">PREINSCRIPCI\u00d3N CARRERAS CON TR\u00c1MITE DE APROBACI\u00d3N PARA COHORTE 2027<\/h4>\n<h4 style=\"text-align: center;\"><a href=\"https:\/\/forms.gle\/CJQ3KBiWcNiMNfiGA\"><img decoding=\"async\" loading=\"lazy\" class=\"alignnone  wp-image-6471\" src=\"https:\/\/ensvillaelisa-ers.infd.edu.ar\/sitio\/wp-content\/uploads\/2026\/08\/7.png\" alt=\"\" width=\"428\" height=\"121\" \/><\/a> <a href=\"https:\/\/forms.gle\/CJQ3KBiWcNiMNfiGA\"><img decoding=\"async\" loading=\"lazy\" class=\"alignnone  wp-image-6470\" src=\"https:\/\/ensvillaelisa-ers.infd.edu.ar\/sitio\/wp-content\/uploads\/2026\/08\/6.png\" alt=\"\" width=\"428\" height=\"121\" \/><\/a> <a href=\"https:\/\/forms.gle\/CJQ3KBiWcNiMNfiGA\"><img decoding=\"async\" loading=\"lazy\" class=\"alignnone  wp-image-6469\" src=\"https:\/\/ensvillaelisa-ers.infd.edu.ar\/sitio\/wp-content\/uploads\/2026\/08\/5.png\" alt=\"\" width=\"428\" height=\"121\" \/><\/a> <a href=\"https:\/\/forms.gle\/CJQ3KBiWcNiMNfiGA\"><img decoding=\"async\" loading=\"lazy\" class=\"alignnone  wp-image-6468\" src=\"https:\/\/ensvillaelisa-ers.infd.edu.ar\/sitio\/wp-content\/uploads\/2026\/08\/4.png\" alt=\"\" width=\"428\" height=\"121\" \/><\/a> <a href=\"https:\/\/forms.gle\/CJQ3KBiWcNiMNfiGA\"><img decoding=\"async\" loading=\"lazy\" class=\"alignnone  wp-image-6467\" src=\"https:\/\/ensvillaelisa-ers.infd.edu.ar\/sitio\/wp-content\/uploads\/2026\/08\/3.png\" alt=\"\" width=\"428\" height=\"121\" \/><\/a> <a href=\"https:\/\/forms.gle\/CJQ3KBiWcNiMNfiGA\"><img decoding=\"async\" loading=\"lazy\" class=\"alignnone  wp-image-6466\" src=\"https:\/\/ensvillaelisa-ers.infd.edu.ar\/sitio\/wp-content\/uploads\/2026\/08\/2.png\" alt=\"\" width=\"428\" height=\"121\" \/><\/a> <a href=\"https:\/\/forms.gle\/CJQ3KBiWcNiMNfiGA\"><img decoding=\"async\" loading=\"lazy\" class=\"alignnone  wp-image-6465\" src=\"https:\/\/ensvillaelisa-ers.infd.edu.ar\/sitio\/wp-content\/uploads\/2026\/08\/1.png\" alt=\"\" width=\"428\" height=\"121\" \/><\/a><\/h4>\n<h1 style=\"text-align: center;\"><strong>ESPECIALIZACI\u00d3N SUPERIOR EN ENOTURISMO<\/strong><\/h1>\n<p style=\"text-align: center;\">MODALIDAD: H\u00cdBRIDA<br \/>INICIO 03\/09\/2026<br \/>DURACI\u00d3N: 7 MESES<br \/><a href=\"https:\/\/docs.google.com\/document\/d\/1e22coGpHISrj7QoQTZDC_GpyUzLRfhMA1YMuh9DNtPo\/edit?usp=sharing\">M\u00e1s Informaci\u00f3n<\/a><br \/>Clic en la imagen para inscribirte.<\/p>\n<p style=\"text-align: center;\"><a href=\"https:\/\/forms.gle\/h8fgBvJPz6jKpBJz5\"><img decoding=\"async\" loading=\"lazy\" class=\"size-medium wp-image-6476 aligncenter\" src=\"https:\/\/ensvillaelisa-ers.infd.edu.ar\/sitio\/wp-content\/uploads\/2026\/08\/WhatsApp-Image-2026-06-27-at-10.20.21-667x1000.jpeg\" alt=\"\" width=\"667\" height=\"1000\" srcset=\"https:\/\/ensvillaelisa-ers.infd.edu.ar\/sitio\/wp-content\/uploads\/2026\/08\/WhatsApp-Image-2026-06-27-at-10.20.21-667x1000.jpeg 667w, https:\/\/ensvillaelisa-ers.infd.edu.ar\/sitio\/wp-content\/uploads\/2026\/08\/WhatsApp-Image-2026-06-27-at-10.20.21-768x1152.jpeg 768w, https:\/\/ensvillaelisa-ers.infd.edu.ar\/sitio\/wp-content\/uploads\/2026\/08\/WhatsApp-Image-2026-06-27-at-10.20.21.jpeg 1024w\" sizes=\"(max-width: 667px) 100vw, 667px\" \/><\/a><\/p>\n<p style=\"text-align: center;\"><img decoding=\"async\" loading=\"lazy\" class=\"alignnone wp-image-1727\" src=\"https:\/\/ensvillaelisa-ers.infd.edu.ar\/sitio\/wp-content\/uploads\/2020\/03\/WhatsApp-Image-2020-03-20-at-11.07.52-1000x264.jpeg\" alt=\"\" width=\"800\" height=\"211\" srcset=\"https:\/\/ensvillaelisa-ers.infd.edu.ar\/sitio\/wp-content\/uploads\/2020\/03\/WhatsApp-Image-2020-03-20-at-11.07.52-1000x264.jpeg 1000w, https:\/\/ensvillaelisa-ers.infd.edu.ar\/sitio\/wp-content\/uploads\/2020\/03\/WhatsApp-Image-2020-03-20-at-11.07.52-768x203.jpeg 768w, https:\/\/ensvillaelisa-ers.infd.edu.ar\/sitio\/wp-content\/uploads\/2020\/03\/WhatsApp-Image-2020-03-20-at-11.07.52.jpeg 1280w\" sizes=\"(max-width: 800px) 100vw, 800px\" \/><\/p>\n<h2 style=\"text-align: center;\"><strong>Instituto Superior de Formaci\u00f3n Docente y T\u00e9cnico Profesional <\/strong><\/h2>\n<p>Forma parte del sistema de Educaci\u00f3n P\u00fablica de Gesti\u00f3n Estatal, cuenta con todos los <strong>Niveles Educativos: INICIAL, PRIMARIO, SECUNDARIO y SUPERIOR<\/strong>, con carreras de Formaci\u00f3n Docente y Formaci\u00f3n T\u00e9cnico Profesional.<\/p>\n<p>Integra la <strong><em>Red\u00a0Virtual de Institutos Superiores de Formaci\u00f3n Docente\u00a0<\/em>coordinada por el INFD<\/strong> (Instituto Nacional de Formaci\u00f3n Docente) dependiente del Ministerio de Educaci\u00f3n de la Naci\u00f3n Argentina.<\/p>\n<div id=\"metaslider-id-403\" style=\"width: 100%;\" class=\"ml-slider-3-33-0 metaslider metaslider-flex metaslider-403 ml-slider ms-theme-default\" role=\"region\" aria-roledescription=\"Slideshow\" aria-label=\"Slideshow\">\n    <div id=\"metaslider_container_403\">\n        <div id=\"metaslider_403\" class=\"flexslider\">\n            <ul aria-live=\"polite\" class=\"slides\">\n                <li style=\"display: block; width: 100%;\" class=\"slide-607 ms-image\" aria-roledescription=\"slide\" aria-label=\"slide-607\"><a href=\"https:\/\/mapa.infd.edu.ar\/\" target=\"_blank\"><img src=\"https:\/\/ensvillaelisa-ers.infd.edu.ar\/sitio\/wp-content\/uploads\/2018\/06\/mapa_infd6-1100x200.png\" height=\"200\" width=\"1100\" alt=\"\" class=\"slider-403 slide-607\" title=\"mapa_infd6\" \/><\/a><\/li>\n                <li style=\"display: none; width: 100%;\" class=\"slide-609 ms-image\" aria-roledescription=\"slide\" aria-label=\"slide-609\"><a href=\"https:\/\/www.argentina.gob.ar\/educacion\/becas\" target=\"_blank\"><img src=\"https:\/\/ensvillaelisa-ers.infd.edu.ar\/sitio\/wp-content\/uploads\/2018\/06\/becas7-1100x200.png\" height=\"200\" width=\"1100\" alt=\"\" class=\"slider-403 slide-609\" title=\"becas7\" \/><\/a><\/li>\n                <li style=\"display: none; width: 100%;\" class=\"slide-635 ms-image\" aria-roledescription=\"slide\" aria-label=\"slide-635\"><a href=\"https:\/\/www.argentina.gob.ar\/tema\/estudiar\/formacion-docencia\" target=\"_blank\"><img src=\"https:\/\/ensvillaelisa-ers.infd.edu.ar\/sitio\/wp-content\/uploads\/2018\/06\/convocatorias_slide6-1-1100x200.png\" height=\"200\" width=\"1100\" alt=\"\" class=\"slider-403 slide-635\" title=\"convocatorias_slide6-1\" \/><\/a><\/li>\n            <\/ul>\n        <\/div>\n        \n    <\/div>\n<\/div>\n","protected":false},"excerpt":{"rendered":"<p>NOTICIAS:Exhibici\u00f3n de Concusos de Nivel Superior Exhibic\u00f3n de Ordenes de Prelaci\u00f3n 11\/05\/2026 Exhibic\u00f3n de Ordenes de Prelaci\u00f3n 04\/05\/2026Exhibic\u00f3n de Ordenes de Prelaci\u00f3n 20\/04\/2026Exhibici\u00f3n de Ordenes de Prelaci\u00f3n 13\/04\/2026 Exhibici\u00f3n de Ordenes de Prelaci\u00f3n 06\/04\/2026 Exhibici\u00f3n de Ordenes de Prelaci\u00f3n 30\/03\/2026 Exhibici\u00f3n de Ordenes de Prelaci\u00f3n 16\/03\/2026 Exhibici\u00f3n de Ordenes de Prelaci\u00f3n 12\/03\/2026 Exhibici\u00f3n de Ornedenes &#8230; <a title=\"Inicio\" class=\"read-more\" href=\"https:\/\/ensvillaelisa-ers.infd.edu.ar\/sitio\/\" aria-label=\"More on Inicio\">[+]<\/a><\/p>\n","protected":false},"author":1,"featured_media":0,"parent":0,"menu_order":0,"comment_status":"closed","ping_status":"closed","template":"","meta":[],"acf":[],"_links":{"self":[{"href":"https:\/\/ensvillaelisa-ers.infd.edu.ar\/sitio\/wp-json\/wp\/v2\/pages\/286"}],"collection":[{"href":"https:\/\/ensvillaelisa-ers.infd.edu.ar\/sitio\/wp-json\/wp\/v2\/pages"}],"about":[{"href":"https:\/\/ensvillaelisa-ers.infd.edu.ar\/sitio\/wp-json\/wp\/v2\/types\/page"}],"author":[{"embeddable":true,"href":"https:\/\/ensvillaelisa-ers.infd.edu.ar\/sitio\/wp-json\/wp\/v2\/users\/1"}],"replies":[{"embeddable":true,"href":"https:\/\/ensvillaelisa-ers.infd.edu.ar\/sitio\/wp-json\/wp\/v2\/comments?post=286"}],"version-history":[{"count":237,"href":"https:\/\/ensvillaelisa-ers.infd.edu.ar\/sitio\/wp-json\/wp\/v2\/pages\/286\/revisions"}],"predecessor-version":[{"id":6480,"href":"https:\/\/ensvillaelisa-ers.infd.edu.ar\/sitio\/wp-json\/wp\/v2\/pages\/286\/revisions\/6480"}],"wp:attachment":[{"href":"https:\/\/ensvillaelisa-ers.infd.edu.ar\/sitio\/wp-json\/wp\/v2\/media?parent=286"}],"curies":[{"name":"wp","href":"https:\/\/api.w.org\/{rel}","templated":true}]}}